{"id":1448,"date":"2026-08-28T21:42:36","date_gmt":"2026-08-28T21:42:36","guid":{"rendered":"https:\/\/www.chauffeurdienst-teuber.de\/?page_id=1448"},"modified":"2026-08-29T00:41:47","modified_gmt":"2026-08-29T00:41:47","slug":"datenschutzerklaerung","status":"publish","type":"page","link":"https:\/\/www.chauffeurdienst-teuber.de\/en\/datenschutzerklaerung\/","title":{"rendered":"Privacy Policy"},"content":{"rendered":"<h2 class=\"wp-block-heading\">1. Datenschutz auf einen Blick<\/h2>\n\n\n\n<h3 class=\"wp-block-heading\">Allgemeine Hinweise<\/h3>\n\n\n\n<p class=\"wp-block-paragraph\">Der Schutz Ihrer personenbezogenen Daten ist uns wichtig. Die folgenden Hinweise geben einen \u00dcberblick dar\u00fcber, was mit Ihren personenbezogenen Daten passiert, wenn Sie unsere Website besuchen oder mit uns Kontakt aufnehmen.<\/p>\n\n\n\n<p class=\"wp-block-paragraph\">Personenbezogene Daten sind alle Daten, mit denen Sie pers\u00f6nlich identifiziert werden k\u00f6nnen.<\/p>\n\n\n\n<h3 class=\"wp-block-heading\">Verantwortlicher<\/h3>\n\n\n\n<p class=\"wp-block-paragraph\">Verantwortlich f\u00fcr die Datenverarbeitung auf dieser Website ist:<\/p>\n\n\n\n<p class=\"wp-block-paragraph\">Marcus Teuber<br>Fitzmauriceweg 46<br>48155 M\u00fcnster<br>Deutschland<\/p>\n\n\n\n<p class=\"wp-block-paragraph\">Telefon: +49 (0) 251 2873215<br>E-Mail:&nbsp;<a>info@chauffeurdienst-teuber.de<\/a><\/p>\n\n\n\n<hr class=\"wp-block-separator has-alpha-channel-opacity\"\/>\n\n\n\n<h2 class=\"wp-block-heading\">2. Hosting<\/h2>\n\n\n\n<p class=\"wp-block-paragraph\">Diese Website wird bei folgendem Anbieter gehostet:<\/p>\n\n\n\n<p class=\"wp-block-paragraph\"><strong>STRATO GmbH<\/strong><br>Otto-Ostrowski-Stra\u00dfe 7<br>10249 Berlin<br>Deutschland<\/p>\n\n\n\n<p class=\"wp-block-paragraph\">Beim Besuch unserer Website verarbeitet STRATO technische Daten, die zur Bereitstellung und zum sicheren Betrieb der Website erforderlich sind.<\/p>\n\n\n\n<p class=\"wp-block-paragraph\">Hierzu k\u00f6nnen insbesondere geh\u00f6ren:<\/p>\n\n\n\n<ul class=\"wp-block-list\">\n<li>IP-Adresse<\/li>\n\n\n\n<li>Datum und Uhrzeit des Zugriffs<\/li>\n\n\n\n<li>aufgerufene Seite bzw. Datei<\/li>\n\n\n\n<li>Browsertyp und Browserversion<\/li>\n\n\n\n<li>verwendetes Betriebssystem<\/li>\n\n\n\n<li>Referrer-URL<\/li>\n\n\n\n<li>Hostname des zugreifenden Rechners<\/li>\n<\/ul>\n\n\n\n<p class=\"wp-block-paragraph\">Die Verarbeitung erfolgt insbesondere auf Grundlage von Art. 6 Abs. 1 lit. f DSGVO. Unser berechtigtes Interesse liegt in der sicheren, stabilen und technisch fehlerfreien Bereitstellung unserer Website.<\/p>\n\n\n\n<p class=\"wp-block-paragraph\">Nach Angaben von STRATO werden die IP-Adressen von Websitebesuchern zur Erkennung und Abwehr von Angriffen maximal sieben Tage in Logfiles gespeichert.<\/p>\n\n\n\n<p class=\"wp-block-paragraph\">Soweit STRATO personenbezogene Daten in unserem Auftrag verarbeitet, erfolgt dies auf Grundlage eines Vertrages zur Auftragsverarbeitung gem\u00e4\u00df Art. 28 DSGVO.<\/p>\n\n\n\n<hr class=\"wp-block-separator has-alpha-channel-opacity\"\/>\n\n\n\n<h2 class=\"wp-block-heading\">3. SSL-\/TLS-Verschl\u00fcsselung<\/h2>\n\n\n\n<p class=\"wp-block-paragraph\">Diese Website verwendet aus Sicherheitsgr\u00fcnden und zum Schutz der \u00dcbertragung vertraulicher Inhalte eine SSL-\/TLS-Verschl\u00fcsselung.<\/p>\n\n\n\n<p class=\"wp-block-paragraph\">Eine verschl\u00fcsselte Verbindung erkennen Sie insbesondere daran, dass die Adresszeile Ihres Browsers mit \u201ehttps:\/\/\u201c beginnt.<\/p>\n\n\n\n<hr class=\"wp-block-separator has-alpha-channel-opacity\"\/>\n\n\n\n<h2 class=\"wp-block-heading\">4. Kontaktaufnahme per E-Mail und Telefon<\/h2>\n\n\n\n<p class=\"wp-block-paragraph\">Wenn Sie uns per E-Mail oder Telefon kontaktieren, verarbeiten wir die von Ihnen \u00fcbermittelten personenbezogenen Daten zur Bearbeitung Ihrer Anfrage.<\/p>\n\n\n\n<p class=\"wp-block-paragraph\">Hierzu k\u00f6nnen insbesondere Name, Telefonnummer, E-Mail-Adresse sowie die von Ihnen mitgeteilten Informationen geh\u00f6ren.<\/p>\n\n\n\n<p class=\"wp-block-paragraph\">Bezieht sich Ihre Anfrage auf die Anbahnung oder Durchf\u00fchrung eines Vertrags, erfolgt die Verarbeitung insbesondere auf Grundlage von Art. 6 Abs. 1 lit. b DSGVO.<\/p>\n\n\n\n<p class=\"wp-block-paragraph\">Bei sonstigen Anfragen kann die Verarbeitung auf Grundlage unseres berechtigten Interesses an einer sachgerechten Bearbeitung der Anfrage gem\u00e4\u00df Art. 6 Abs. 1 lit. f DSGVO erfolgen.<\/p>\n\n\n\n<p class=\"wp-block-paragraph\">Die Daten werden gel\u00f6scht, wenn der Zweck ihrer Verarbeitung entf\u00e4llt und keine gesetzlichen Aufbewahrungspflichten oder sonstigen Rechtsgr\u00fcnde eine weitere Speicherung erfordern.<\/p>\n\n\n\n<hr class=\"wp-block-separator has-alpha-channel-opacity\"\/>\n\n\n\n<h2 class=\"wp-block-heading\">5. Anfrageformular \/ Contact Form 7<\/h2>\n\n\n\n<p class=\"wp-block-paragraph\">Auf unserer Website k\u00f6nnen Sie \u00fcber ein Kontakt- bzw. Anfrageformular eine Fahrt oder Chauffeurdienstleistung anfragen.<\/p>\n\n\n\n<p class=\"wp-block-paragraph\">Dabei k\u00f6nnen insbesondere folgende Angaben verarbeitet werden:<\/p>\n\n\n\n<ul class=\"wp-block-list\">\n<li>Firma<\/li>\n\n\n\n<li>Name<\/li>\n\n\n\n<li>E-Mail-Adresse<\/li>\n\n\n\n<li>Telefonnummer<\/li>\n\n\n\n<li>Art der gew\u00fcnschten Leistung<\/li>\n\n\n\n<li>gew\u00fcnschte Fahrzeugklasse<\/li>\n\n\n\n<li>Datum und Uhrzeit<\/li>\n\n\n\n<li>Abholort<\/li>\n\n\n\n<li>Zielort<\/li>\n\n\n\n<li>Ihre Nachricht<\/li>\n\n\n\n<li>von Ihnen freiwillig hochgeladene Dateien<\/li>\n<\/ul>\n\n\n\n<p class=\"wp-block-paragraph\">Die mit einem Pflichtfeld gekennzeichneten Angaben sind erforderlich, damit wir Ihre Anfrage sachgerecht bearbeiten k\u00f6nnen.<\/p>\n\n\n\n<p class=\"wp-block-paragraph\">Die Verarbeitung erfolgt zur Bearbeitung Ihrer Anfrage und \u2013 soweit die Anfrage auf die Inanspruchnahme unserer Dienstleistungen gerichtet ist \u2013 zur Durchf\u00fchrung vorvertraglicher Ma\u00dfnahmen gem\u00e4\u00df Art. 6 Abs. 1 lit. b DSGVO.<\/p>\n\n\n\n<p class=\"wp-block-paragraph\">Bei sonstigen Anfragen kann Art. 6 Abs. 1 lit. f DSGVO Rechtsgrundlage sein.<\/p>\n\n\n\n<h3 class=\"wp-block-heading\">Datei-Upload<\/h3>\n\n\n\n<p class=\"wp-block-paragraph\">Unser Formular erm\u00f6glicht freiwillig das Hochladen einer Datei.<\/p>\n\n\n\n<p class=\"wp-block-paragraph\">Bitte \u00fcbermitteln Sie dabei nur Informationen und personenbezogene Daten, die f\u00fcr die Bearbeitung Ihrer Anfrage erforderlich sind. Enth\u00e4lt die hochgeladene Datei personenbezogene Daten anderer Personen, stellen Sie bitte sicher, dass Sie zur \u00dcbermittlung dieser Daten berechtigt sind.<\/p>\n\n\n\n<p class=\"wp-block-paragraph\">Die Dateien werden ausschlie\u00dflich im Zusammenhang mit der jeweiligen Anfrage verarbeitet und nicht l\u00e4nger gespeichert, als dies f\u00fcr den jeweiligen Zweck bzw. aufgrund gesetzlicher Aufbewahrungspflichten erforderlich ist.<\/p>\n\n\n\n<hr class=\"wp-block-separator has-alpha-channel-opacity\"\/>\n\n\n\n<h2 class=\"wp-block-heading\">6. Weitergabe von Auftragsdaten an Fahrer und Partnerunternehmen<\/h2>\n\n\n\n<p class=\"wp-block-paragraph\">F\u00fcr die Durchf\u00fchrung eines Bef\u00f6rderungsauftrags kann es erforderlich sein, personenbezogene Daten an den f\u00fcr die Fahrt eingesetzten Fahrer sowie gegebenenfalls an von uns beauftragte Subunternehmer oder Kooperationspartner weiterzugeben.<\/p>\n\n\n\n<p class=\"wp-block-paragraph\">Hierzu k\u00f6nnen insbesondere geh\u00f6ren:<\/p>\n\n\n\n<ul class=\"wp-block-list\">\n<li>Name des Fahrgastes bzw. Ansprechpartners<\/li>\n\n\n\n<li>Telefonnummer<\/li>\n\n\n\n<li>Abholort<\/li>\n\n\n\n<li>Zielort<\/li>\n\n\n\n<li>Datum und Uhrzeit<\/li>\n\n\n\n<li>gegebenenfalls Flug- oder Reiseinformationen<\/li>\n\n\n\n<li>weitere f\u00fcr die Durchf\u00fchrung des konkreten Auftrags erforderliche Informationen<\/li>\n<\/ul>\n\n\n\n<p class=\"wp-block-paragraph\">Wir beschr\u00e4nken die Weitergabe auf diejenigen Daten, die f\u00fcr die Organisation und Durchf\u00fchrung der jeweiligen Bef\u00f6rderungsleistung erforderlich sind.<\/p>\n\n\n\n<p class=\"wp-block-paragraph\">Die Verarbeitung und Weitergabe erfolgt grunds\u00e4tzlich zur Durchf\u00fchrung des Vertrags bzw. vorvertraglicher Ma\u00dfnahmen gem\u00e4\u00df Art. 6 Abs. 1 lit. b DSGVO.<\/p>\n\n\n\n<hr class=\"wp-block-separator has-alpha-channel-opacity\"\/>\n\n\n\n<h2 class=\"wp-block-heading\">7. Kontakt \u00fcber WhatsApp<\/h2>\n\n\n\n<p class=\"wp-block-paragraph\">Auf unserer Website stellen wir einen Link zur Kontaktaufnahme \u00fcber&nbsp;<strong>WhatsApp<\/strong>&nbsp;bereit.<\/p>\n\n\n\n<p class=\"wp-block-paragraph\">Der WhatsApp-Dienst wird angeboten von:<\/p>\n\n\n\n<p class=\"wp-block-paragraph\"><strong>WhatsApp Ireland Limited<\/strong><br>Merrion Road<br>Dublin 4, D04 X2K5<br>Irland<\/p>\n\n\n\n<p class=\"wp-block-paragraph\">Bei dem auf unserer Website verwendeten Element handelt es sich um einen externen Link. Eine Verbindung zu WhatsApp wird \u00fcber diesen Link grunds\u00e4tzlich erst hergestellt, wenn Sie diesen aktiv anklicken.<\/p>\n\n\n\n<p class=\"wp-block-paragraph\">Wenn Sie anschlie\u00dfend \u00fcber WhatsApp mit uns kommunizieren, werden die von Ihnen \u00fcbermittelten Daten zur Bearbeitung Ihrer Anfrage verarbeitet. Hierzu k\u00f6nnen insbesondere Ihre Telefonnummer, Ihr WhatsApp-Profilname, Nachrichteninhalte sowie gegebenenfalls \u00fcbermittelte Dateien geh\u00f6ren.<\/p>\n\n\n\n<p class=\"wp-block-paragraph\">Bei vertragsbezogenen Anfragen erfolgt die Verarbeitung insbesondere gem\u00e4\u00df Art. 6 Abs. 1 lit. b DSGVO. Bei sonstigen gesch\u00e4ftlichen Anfragen kann sie auf Art. 6 Abs. 1 lit. f DSGVO beruhen.<\/p>\n\n\n\n<p class=\"wp-block-paragraph\">Bei Nutzung von WhatsApp kann eine Verarbeitung von Daten durch Unternehmen der Meta-Unternehmensgruppe und gegebenenfalls eine \u00dcbermittlung von Daten in Staaten au\u00dferhalb der Europ\u00e4ischen Union bzw. des Europ\u00e4ischen Wirtschaftsraums erfolgen.<\/p>\n\n\n\n<p class=\"wp-block-paragraph\">Wenn Sie dies vermeiden m\u00f6chten, k\u00f6nnen Sie uns alternativ per Telefon oder E-Mail kontaktieren.<\/p>\n\n\n\n<hr class=\"wp-block-separator has-alpha-channel-opacity\"\/>\n\n\n\n<h2 class=\"wp-block-heading\">8. Cookies und Einwilligungsmanagement mit Complianz<\/h2>\n\n\n\n<p class=\"wp-block-paragraph\">Unsere Website verwendet Cookies und vergleichbare Technologien, soweit diese f\u00fcr den Betrieb der Website erforderlich sind oder Sie in deren Verwendung eingewilligt haben.<\/p>\n\n\n\n<p class=\"wp-block-paragraph\">Cookies sind kleine Datenpakete, die auf Ihrem Endger\u00e4t gespeichert werden bzw. Informationen enthalten, auf die \u00fcber Ihr Endger\u00e4t zugegriffen werden kann.<\/p>\n\n\n\n<p class=\"wp-block-paragraph\">Soweit die Speicherung von Informationen auf Ihrem Endger\u00e4t oder der Zugriff auf bereits gespeicherte Informationen technisch unbedingt erforderlich ist, erfolgt dies unter den Voraussetzungen des \u00a7 25 Abs. 2 TDDDG.<\/p>\n\n\n\n<p class=\"wp-block-paragraph\">F\u00fcr nicht unbedingt erforderliche Cookies und vergleichbare Technologien holen wir vor deren Einsatz grunds\u00e4tzlich Ihre Einwilligung gem\u00e4\u00df \u00a7 25 Abs. 1 TDDDG ein.<\/p>\n\n\n\n<p class=\"wp-block-paragraph\">Soweit dabei personenbezogene Daten verarbeitet werden, erfolgt die Verarbeitung \u2013 sofern einwilligungsbed\u00fcrftig \u2013 auf Grundlage von Art. 6 Abs. 1 lit. a DSGVO.<\/p>\n\n\n\n<h3 class=\"wp-block-heading\">Complianz<\/h3>\n\n\n\n<p class=\"wp-block-paragraph\">F\u00fcr die Verwaltung der Einwilligungen verwenden wir&nbsp;<strong>Complianz \u2013 GDPR\/CCPA Cookie Consent<\/strong>.<\/p>\n\n\n\n<p class=\"wp-block-paragraph\">Complianz erm\u00f6glicht es Ihnen, Ihre Einwilligung in bestimmte Dienste und Technologien zu erteilen oder abzulehnen und Ihre Entscheidung sp\u00e4ter wieder zu \u00e4ndern.<\/p>\n\n\n\n<p class=\"wp-block-paragraph\">Ihre Einwilligungsentscheidung wird gespeichert, damit die Website die von Ihnen gew\u00e4hlten Einstellungen ber\u00fccksichtigen kann.<\/p>\n\n\n\n<p class=\"wp-block-paragraph\">Nicht notwendige Dienste werden \u2013 soweit entsprechend eingerichtet \u2013 erst nach Ihrer Einwilligung geladen.<\/p>\n\n\n\n<p class=\"wp-block-paragraph\">Eine erteilte Einwilligung k\u00f6nnen Sie jederzeit mit Wirkung f\u00fcr die Zukunft \u00fcber die auf unserer Website verf\u00fcgbaren Cookie- bzw. Einwilligungseinstellungen widerrufen oder \u00e4ndern.<\/p>\n\n\n\n<p class=\"wp-block-paragraph\">Weitere Einzelheiten zu den auf dieser Website eingesetzten Cookies und Diensten sowie deren Speicherdauer finden Sie in unserer&nbsp;<strong>Cookie Policy<\/strong>.<\/p>\n\n\n\n<hr class=\"wp-block-separator has-alpha-channel-opacity\"\/>\n\n\n\n<h2 class=\"wp-block-heading\">9. Google reCAPTCHA<\/h2>\n\n\n\n<p class=\"wp-block-paragraph\">Auf unserer Website verwenden wir&nbsp;<strong>Google reCAPTCHA<\/strong>, insbesondere zum Schutz unseres Kontaktformulars vor automatisierten Eingaben, Spam und Missbrauch.<\/p>\n\n\n\n<p class=\"wp-block-paragraph\">Anbieter ist:<\/p>\n\n\n\n<p class=\"wp-block-paragraph\"><strong>Google Ireland Limited<\/strong><br>Gordon House<br>Barrow Street<br>Dublin 4<br>Irland<\/p>\n\n\n\n<p class=\"wp-block-paragraph\">reCAPTCHA dient dazu festzustellen, ob eine Eingabe durch eine nat\u00fcrliche Person oder durch eine automatisierte Verarbeitung erfolgt.<\/p>\n\n\n\n<p class=\"wp-block-paragraph\">Dabei k\u00f6nnen insbesondere technische Informationen wie IP-Adresse, Browser- und Ger\u00e4teinformationen sowie Informationen \u00fcber die Nutzung der Website verarbeitet und an Google \u00fcbermittelt werden.<\/p>\n\n\n\n<p class=\"wp-block-paragraph\"><strong>Google reCAPTCHA wird auf unserer Website durch unser Einwilligungsmanagement gesteuert und erst nach entsprechender Einwilligung geladen.<\/strong><\/p>\n\n\n\n<p class=\"wp-block-paragraph\">Die Verarbeitung erfolgt auf Grundlage Ihrer Einwilligung gem\u00e4\u00df Art. 6 Abs. 1 lit. a DSGVO sowie, soweit Informationen auf Ihrem Endger\u00e4t gespeichert oder ausgelesen werden, gem\u00e4\u00df \u00a7 25 Abs. 1 TDDDG.<\/p>\n\n\n\n<p class=\"wp-block-paragraph\">Sie k\u00f6nnen eine erteilte Einwilligung jederzeit mit Wirkung f\u00fcr die Zukunft \u00fcber die Cookie- bzw. Einwilligungseinstellungen unserer Website widerrufen.<\/p>\n\n\n\n<p class=\"wp-block-paragraph\">Bei der Nutzung von Google-Diensten kann eine Verarbeitung personenbezogener Daten au\u00dferhalb der Europ\u00e4ischen Union bzw. des Europ\u00e4ischen Wirtschaftsraums stattfinden.<\/p>\n\n\n\n<p class=\"wp-block-paragraph\">Weitere Informationen zur Verarbeitung personenbezogener Daten durch Google finden Sie in der Datenschutzerkl\u00e4rung von Google.<\/p>\n\n\n\n<hr class=\"wp-block-separator has-alpha-channel-opacity\"\/>\n\n\n\n<h2 class=\"wp-block-heading\">10. Google Fonts \u2013 lokale Bereitstellung<\/h2>\n\n\n\n<p class=\"wp-block-paragraph\">Auf dieser Website verwenden wir Schriftarten von&nbsp;<strong>Google Fonts<\/strong>&nbsp;f\u00fcr eine einheitliche und ansprechende Darstellung unserer Internetseite.<\/p>\n\n\n\n<p class=\"wp-block-paragraph\">Die verwendeten Schriftarten werden&nbsp;<strong>lokal auf unserem eigenen Webserver bereitgestellt<\/strong>.<\/p>\n\n\n\n<p class=\"wp-block-paragraph\">Beim Aufruf unserer Website wird daher zum Abruf der verwendeten Google-Schriftarten&nbsp;<strong>keine Verbindung zu Servern von Google Fonts hergestellt<\/strong>. Insbesondere wird die IP-Adresse des Websitebesuchers nicht allein zum Abruf dieser Schriftarten an Google \u00fcbermittelt.<\/p>\n\n\n\n<hr class=\"wp-block-separator has-alpha-channel-opacity\"\/>\n\n\n\n<h2 class=\"wp-block-heading\">11. Font Awesome<\/h2>\n\n\n\n<p class=\"wp-block-paragraph\">Auf dieser Website verwenden wir&nbsp;<strong>Font Awesome<\/strong>&nbsp;zur Darstellung von Symbolen und Icons.<\/p>\n\n\n\n<p class=\"wp-block-paragraph\">Beim Aufruf entsprechender Inhalte k\u00f6nnen Dateien von Servern von Font Awesome geladen werden. Hierdurch kann eine Verbindung zu Servern des Anbieters hergestellt werden. Dabei k\u00f6nnen insbesondere technische Informationen wie die IP-Adresse des verwendeten Endger\u00e4ts sowie Browser- und Ger\u00e4teinformationen verarbeitet werden.<\/p>\n\n\n\n<p class=\"wp-block-paragraph\"><strong>Font Awesome wird auf unserer Website durch unser Einwilligungsmanagement gesteuert und erst nach entsprechender Einwilligung geladen.<\/strong><\/p>\n\n\n\n<p class=\"wp-block-paragraph\">Die Verarbeitung erfolgt auf Grundlage Ihrer Einwilligung gem\u00e4\u00df Art. 6 Abs. 1 lit. a DSGVO sowie, soweit Informationen auf Ihrem Endger\u00e4t gespeichert oder ausgelesen werden, gem\u00e4\u00df \u00a7 25 Abs. 1 TDDDG.<\/p>\n\n\n\n<p class=\"wp-block-paragraph\">Sie k\u00f6nnen eine erteilte Einwilligung jederzeit mit Wirkung f\u00fcr die Zukunft \u00fcber die Cookie- bzw. Einwilligungseinstellungen unserer Website widerrufen.<\/p>\n\n\n\n<hr class=\"wp-block-separator has-alpha-channel-opacity\"\/>\n\n\n\n<h2 class=\"wp-block-heading\">12. Schutz vor missbr\u00e4uchlichen Anmeldeversuchen<\/h2>\n\n\n\n<p class=\"wp-block-paragraph\">Zum Schutz unserer WordPress-Installation vor unberechtigten Zugriffen und automatisierten Anmeldeversuchen verwenden wir technische Sicherheitsma\u00dfnahmen.<\/p>\n\n\n\n<p class=\"wp-block-paragraph\">Dabei k\u00f6nnen insbesondere IP-Adressen und Informationen \u00fcber fehlgeschlagene Anmeldeversuche verarbeitet werden.<\/p>\n\n\n\n<p class=\"wp-block-paragraph\">Die Verarbeitung dient der Sicherheit unserer Website und unserer IT-Systeme und erfolgt auf Grundlage unseres berechtigten Interesses gem\u00e4\u00df Art. 6 Abs. 1 lit. f DSGVO.<\/p>\n\n\n\n<hr class=\"wp-block-separator has-alpha-channel-opacity\"\/>\n\n\n\n<h2 class=\"wp-block-heading\">13. Externe Links und Facebook<\/h2>\n\n\n\n<p class=\"wp-block-paragraph\">Unsere Website enth\u00e4lt einen Link zu unserer Pr\u00e4senz auf&nbsp;<strong>Facebook<\/strong>.<\/p>\n\n\n\n<p class=\"wp-block-paragraph\">Dabei handelt es sich um einen normalen externen Link und nicht um einen eingebetteten Facebook-Feed oder ein Facebook-Pixel.<\/p>\n\n\n\n<p class=\"wp-block-paragraph\">Eine Verbindung zu Facebook wird \u00fcber diesen Link grunds\u00e4tzlich erst hergestellt, wenn Sie ihn aktiv anklicken. Anschlie\u00dfend gelten f\u00fcr die Nutzung der Facebook-Plattform die Datenschutzbestimmungen des jeweiligen Anbieters.<\/p>\n\n\n\n<p class=\"wp-block-paragraph\">Anbieter f\u00fcr Nutzer innerhalb der Europ\u00e4ischen Union ist grunds\u00e4tzlich:<\/p>\n\n\n\n<p class=\"wp-block-paragraph\"><strong>Meta Platforms Ireland Limited<\/strong><br>Merrion Road<br>Dublin 4, D04 X2K5<br>Irland<\/p>\n\n\n\n<hr class=\"wp-block-separator has-alpha-channel-opacity\"\/>\n\n\n\n<h2 class=\"wp-block-heading\">14. Speicherdauer<\/h2>\n\n\n\n<p class=\"wp-block-paragraph\">Soweit in dieser Datenschutzerkl\u00e4rung keine speziellere Speicherdauer genannt ist, speichern wir personenbezogene Daten nur so lange, wie dies f\u00fcr den jeweiligen Verarbeitungszweck erforderlich ist.<\/p>\n\n\n\n<p class=\"wp-block-paragraph\">Entf\u00e4llt der Verarbeitungszweck, werden die Daten gel\u00f6scht, sofern keine gesetzlichen Aufbewahrungspflichten, berechtigten Interessen oder sonstigen Rechtsgr\u00fcnde f\u00fcr eine weitere Speicherung bestehen.<\/p>\n\n\n\n<p class=\"wp-block-paragraph\">Daten, die Bestandteil steuerlich oder handelsrechtlich relevanter Gesch\u00e4ftsunterlagen sind, k\u00f6nnen entsprechend den gesetzlichen Aufbewahrungspflichten l\u00e4nger gespeichert werden.<\/p>\n\n\n\n<hr class=\"wp-block-separator has-alpha-channel-opacity\"\/>\n\n\n\n<h2 class=\"wp-block-heading\">15. Empf\u00e4nger personenbezogener Daten<\/h2>\n\n\n\n<p class=\"wp-block-paragraph\">Im Rahmen unserer Gesch\u00e4ftst\u00e4tigkeit k\u00f6nnen personenbezogene Daten \u2013 soweit erforderlich \u2013 insbesondere an folgende Kategorien von Empf\u00e4ngern \u00fcbermittelt werden:<\/p>\n\n\n\n<ul class=\"wp-block-list\">\n<li>Hosting- und IT-Dienstleister<\/li>\n\n\n\n<li>eingesetzte Fahrer<\/li>\n\n\n\n<li>Subunternehmer und Kooperationspartner<\/li>\n\n\n\n<li>Anbieter technisch eingesetzter Dienste<\/li>\n\n\n\n<li>Beh\u00f6rden oder sonstige \u00f6ffentliche Stellen, sofern eine gesetzliche Verpflichtung besteht<\/li>\n<\/ul>\n\n\n\n<p class=\"wp-block-paragraph\">Eine Weitergabe personenbezogener Daten erfolgt nur, wenn hierf\u00fcr eine Rechtsgrundlage besteht.<\/p>\n\n\n\n<p class=\"wp-block-paragraph\">Soweit externe Dienstleister personenbezogene Daten in unserem Auftrag verarbeiten, werden \u2013 sofern erforderlich \u2013 entsprechende Vereinbarungen zur Auftragsverarbeitung gem\u00e4\u00df Art. 28 DSGVO geschlossen.<\/p>\n\n\n\n<hr class=\"wp-block-separator has-alpha-channel-opacity\"\/>\n\n\n\n<h2 class=\"wp-block-heading\">16. Ihre Rechte<\/h2>\n\n\n\n<p class=\"wp-block-paragraph\">Sie haben im Rahmen der gesetzlichen Voraussetzungen insbesondere das Recht auf:<\/p>\n\n\n\n<ul class=\"wp-block-list\">\n<li><strong>Auskunft<\/strong>\u00a0\u00fcber Ihre gespeicherten personenbezogenen Daten gem\u00e4\u00df Art. 15 DSGVO,<\/li>\n\n\n\n<li><strong>Berichtigung<\/strong>\u00a0unrichtiger Daten gem\u00e4\u00df Art. 16 DSGVO,<\/li>\n\n\n\n<li><strong>L\u00f6schung<\/strong>\u00a0Ihrer personenbezogenen Daten gem\u00e4\u00df Art. 17 DSGVO,<\/li>\n\n\n\n<li><strong>Einschr\u00e4nkung der Verarbeitung<\/strong>\u00a0gem\u00e4\u00df Art. 18 DSGVO,<\/li>\n\n\n\n<li><strong>Daten\u00fcbertragbarkeit<\/strong>\u00a0gem\u00e4\u00df Art. 20 DSGVO,<\/li>\n\n\n\n<li><strong>Widerspruch<\/strong>\u00a0gegen bestimmte Datenverarbeitungen gem\u00e4\u00df Art. 21 DSGVO.<\/li>\n<\/ul>\n\n\n\n<p class=\"wp-block-paragraph\">Soweit eine Verarbeitung auf Ihrer Einwilligung beruht, k\u00f6nnen Sie eine erteilte Einwilligung gem\u00e4\u00df Art. 7 Abs. 3 DSGVO jederzeit mit Wirkung f\u00fcr die Zukunft widerrufen.<\/p>\n\n\n\n<p class=\"wp-block-paragraph\">Die Rechtm\u00e4\u00dfigkeit der bis zum Widerruf erfolgten Verarbeitung bleibt hiervon unber\u00fchrt.<\/p>\n\n\n\n<p class=\"wp-block-paragraph\">Zur Aus\u00fcbung Ihrer Rechte k\u00f6nnen Sie sich unter&nbsp;<strong><a>info@chauffeurdienst-teuber.de<\/a><\/strong>&nbsp;an uns wenden.<\/p>\n\n\n\n<hr class=\"wp-block-separator has-alpha-channel-opacity\"\/>\n\n\n\n<h2 class=\"wp-block-heading\">17. Widerspruchsrecht<\/h2>\n\n\n\n<p class=\"wp-block-paragraph\">Soweit wir personenbezogene Daten auf Grundlage von Art. 6 Abs. 1 lit. f DSGVO verarbeiten, haben Sie unter den gesetzlichen Voraussetzungen das Recht, aus Gr\u00fcnden, die sich aus Ihrer besonderen Situation ergeben, Widerspruch gegen die Verarbeitung einzulegen.<\/p>\n\n\n\n<p class=\"wp-block-paragraph\">Werden personenbezogene Daten f\u00fcr Direktwerbung verarbeitet, besteht ein jederzeitiges Widerspruchsrecht gegen die Verarbeitung zu diesem Zweck.<\/p>\n\n\n\n<hr class=\"wp-block-separator has-alpha-channel-opacity\"\/>\n\n\n\n<h2 class=\"wp-block-heading\">18. Beschwerderecht bei einer Aufsichtsbeh\u00f6rde<\/h2>\n\n\n\n<p class=\"wp-block-paragraph\">Sie haben gem\u00e4\u00df Art. 77 DSGVO das Recht, sich bei einer Datenschutzaufsichtsbeh\u00f6rde \u00fcber die Verarbeitung Ihrer personenbezogenen Daten zu beschweren.<\/p>\n\n\n\n<p class=\"wp-block-paragraph\">F\u00fcr ein Unternehmen mit Sitz in Nordrhein-Westfalen kommt insbesondere folgende Aufsichtsbeh\u00f6rde in Betracht:<\/p>\n\n\n\n<p class=\"wp-block-paragraph\"><strong>Landesbeauftragte f\u00fcr Datenschutz und Informationsfreiheit Nordrhein-Westfalen (LDI NRW)<\/strong><br>Kavalleriestra\u00dfe 2\u20134<br>40213 D\u00fcsseldorf<\/p>\n\n\n\n<p class=\"wp-block-paragraph\">Das Beschwerderecht besteht unabh\u00e4ngig von anderweitigen verwaltungsrechtlichen oder gerichtlichen Rechtsbehelfen.<\/p>\n\n\n\n<hr class=\"wp-block-separator has-alpha-channel-opacity\"\/>\n\n\n\n<h2 class=\"wp-block-heading\">19. \u00c4nderung dieser Datenschutzerkl\u00e4rung<\/h2>\n\n\n\n<p class=\"wp-block-paragraph\">Wir behalten uns vor, diese Datenschutzerkl\u00e4rung anzupassen, wenn sich die Rechtslage, unsere Website oder die von uns eingesetzten Dienste \u00e4ndern.<\/p>\n\n\n\n<p class=\"wp-block-paragraph\"><strong>Stand: August 2026<\/strong><\/p>","protected":false},"excerpt":{"rendered":"<p>1. Datenschutz auf einen Blick Allgemeine Hinweise Der Schutz Ihrer personenbezogenen Daten ist uns wichtig. Die folgenden Hinweise geben einen [&hellip;]<\/p>\n","protected":false},"author":1,"featured_media":0,"parent":0,"menu_order":0,"comment_status":"closed","ping_status":"closed","template":"","meta":{"site-sidebar-layout":"default","site-content-layout":"","ast-site-content-layout":"default","site-content-style":"default","site-sidebar-style":"default","ast-global-header-display":"","ast-banner-title-visibility":"","ast-main-header-display":"","ast-hfb-above-header-display":"","ast-hfb-below-header-display":"","ast-hfb-mobile-header-display":"","site-post-title":"","ast-breadcrumbs-content":"","ast-featured-img":"","footer-sml-layout":"","ast-disable-related-posts":"","theme-transparent-header-meta":"","adv-header-id-meta":"","stick-header-meta":"","header-above-stick-meta":"","header-main-stick-meta":"","header-below-stick-meta":"","astra-migrate-meta-layouts":"default","ast-page-background-enabled":"default","ast-page-background-meta":{"desktop":{"background-color":"var(--ast-global-color-5)","background-image":"","background-repeat":"repeat","background-position":"center center","background-size":"auto","background-attachment":"scroll","background-type":"","background-media":"","overlay-type":"","overlay-color":"","overlay-opacity":"","overlay-gradient":""},"tablet":{"background-color":"","background-image":"","background-repeat":"repeat","background-position":"center center","background-size":"auto","background-attachment":"scroll","background-type":"","background-media":"","overlay-type":"","overlay-color":"","overlay-opacity":"","overlay-gradient":""},"mobile":{"background-color":"","background-image":"","background-repeat":"repeat","background-position":"center center","background-size":"auto","background-attachment":"scroll","background-type":"","background-media":"","overlay-type":"","overlay-color":"","overlay-opacity":"","overlay-gradient":""}},"ast-content-background-meta":{"desktop":{"background-color":"var(--ast-global-color-4)","background-image":"","background-repeat":"repeat","background-position":"center center","background-size":"auto","background-attachment":"scroll","background-type":"","background-media":"","overlay-type":"","overlay-color":"","overlay-opacity":"","overlay-gradient":""},"tablet":{"background-color":"var(--ast-global-color-4)","background-image":"","background-repeat":"repeat","background-position":"center center","background-size":"auto","background-attachment":"scroll","background-type":"","background-media":"","overlay-type":"","overlay-color":"","overlay-opacity":"","overlay-gradient":""},"mobile":{"background-color":"var(--ast-global-color-4)","background-image":"","background-repeat":"repeat","background-position":"center center","background-size":"auto","background-attachment":"scroll","background-type":"","background-media":"","overlay-type":"","overlay-color":"","overlay-opacity":"","overlay-gradient":""}},"footnotes":""},"class_list":["post-1448","page","type-page","status-publish","hentry"],"_links":{"self":[{"href":"https:\/\/www.chauffeurdienst-teuber.de\/en\/wp-json\/wp\/v2\/pages\/1448","targetHints":{"allow":["GET"]}}],"collection":[{"href":"https:\/\/www.chauffeurdienst-teuber.de\/en\/wp-json\/wp\/v2\/pages"}],"about":[{"href":"https:\/\/www.chauffeurdienst-teuber.de\/en\/wp-json\/wp\/v2\/types\/page"}],"author":[{"embeddable":true,"href":"https:\/\/www.chauffeurdienst-teuber.de\/en\/wp-json\/wp\/v2\/users\/1"}],"replies":[{"embeddable":true,"href":"https:\/\/www.chauffeurdienst-teuber.de\/en\/wp-json\/wp\/v2\/comments?post=1448"}],"version-history":[{"count":2,"href":"https:\/\/www.chauffeurdienst-teuber.de\/en\/wp-json\/wp\/v2\/pages\/1448\/revisions"}],"predecessor-version":[{"id":1455,"href":"https:\/\/www.chauffeurdienst-teuber.de\/en\/wp-json\/wp\/v2\/pages\/1448\/revisions\/1455"}],"wp:attachment":[{"href":"https:\/\/www.chauffeurdienst-teuber.de\/en\/wp-json\/wp\/v2\/media?parent=1448"}],"curies":[{"name":"wp","href":"https:\/\/api.w.org\/{rel}","templated":true}]}}